{"id":53314,"date":"2024-02-13T22:14:41","date_gmt":"2024-02-13T22:14:41","guid":{"rendered":"https:\/\/galerieblanche.com\/wp-content\/uploads\/2023\/11\/be115-senvoler-au-ventgalerie-dart-montreal-art-gallery-bronze-sculpture-rose-aimee-belanger-galerie-blanche-minv2.jpg"},"modified":"2024-02-13T22:14:47","modified_gmt":"2024-02-13T22:14:47","slug":"be115-senvoler-au-ventgalerie-dart-montreal-art-gallery-bronze-sculpture-rose-aimee-belanger-galerie-blanche-minv2-2-2","status":"inherit","type":"attachment","link":"https:\/\/galerieblanche.com\/en\/artwork\/senvoler-au-vent-ed-9-15\/be115-senvoler-au-ventgalerie-dart-montreal-art-gallery-bronze-sculpture-rose-aimee-belanger-galerie-blanche-minv2-2-2\/","title":{"rendered":"be115-senvoler-au-ventgalerie-dart-montreal-art-gallery-bronze-sculpture-rose-aimee-belanger-galerie-blanche-minv2"},"author":3,"featured_media":0,"comment_status":"closed","ping_status":"closed","template":"","meta":{"_acf_changed":false},"class_list":["post-53314","attachment","type-attachment","status-inherit","hentry"],"acf":false,"yoast_head":"<!-- This site is optimized with the Yoast SEO plugin v27.5 - https:\/\/yoast.com\/product\/yoast-seo-wordpress\/ -->\n<title>be115-senvoler-au-ventgalerie-dart-montreal-art-gallery-bronze-sculpture-rose-aimee-belanger-galerie-blanche-minv2 - Galerie Blanche<\/title>\n<meta name=\"robots\" content=\"index, follow, max-snippet:-1, max-image-preview:large, max-video-preview:-1\" \/>\n<link rel=\"canonical\" href=\"https:\/\/galerieblanche.com\/wp-content\/uploads\/2023\/11\/be115-senvoler-au-ventgalerie-dart-montreal-art-gallery-bronze-sculpture-rose-aimee-belanger-galerie-blanche-minv2.jpg\" \/>\n<meta property=\"og:locale\" content=\"en_US\" \/>\n<meta property=\"og:type\" content=\"article\" \/>\n<meta property=\"og:title\" content=\"be115-senvoler-au-ventgalerie-dart-montreal-art-gallery-bronze-sculpture-rose-aimee-belanger-galerie-blanche-minv2 - Galerie Blanche\" \/>\n<meta property=\"og:url\" content=\"https:\/\/galerieblanche.com\/wp-content\/uploads\/2023\/11\/be115-senvoler-au-ventgalerie-dart-montreal-art-gallery-bronze-sculpture-rose-aimee-belanger-galerie-blanche-minv2.jpg\" \/>\n<meta property=\"og:site_name\" content=\"Galerie Blanche\" \/>\n<meta property=\"article:publisher\" content=\"https:\/\/www.facebook.com\/Galerieartblanche\/?ref=ts&amp;amp%3bamp%3bamp%3bfref=ts\" \/>\n<meta property=\"article:modified_time\" content=\"2024-02-13T22:14:47+00:00\" \/>\n<meta property=\"og:image\" content=\"https:\/\/galerieblanche.com\/wp-content\/uploads\/2023\/11\/be115-senvoler-au-ventgalerie-dart-montreal-art-gallery-bronze-sculpture-rose-aimee-belanger-galerie-blanche-minv2.jpg\" \/>\n\t<meta property=\"og:image:width\" content=\"846\" \/>\n\t<meta property=\"og:image:height\" content=\"1000\" \/>\n\t<meta property=\"og:image:type\" content=\"image\/jpeg\" \/>\n<meta name=\"twitter:card\" content=\"summary_large_image\" \/>\n<script type=\"application\/ld+json\" class=\"yoast-schema-graph\">{\"@context\":\"https:\\\/\\\/schema.org\",\"@graph\":[{\"@type\":\"WebPage\",\"@id\":\"https:\\\/\\\/galerieblanche.com\\\/wp-content\\\/uploads\\\/2023\\\/11\\\/be115-senvoler-au-ventgalerie-dart-montreal-art-gallery-bronze-sculpture-rose-aimee-belanger-galerie-blanche-minv2.jpg\",\"url\":\"https:\\\/\\\/galerieblanche.com\\\/wp-content\\\/uploads\\\/2023\\\/11\\\/be115-senvoler-au-ventgalerie-dart-montreal-art-gallery-bronze-sculpture-rose-aimee-belanger-galerie-blanche-minv2.jpg\",\"name\":\"be115-senvoler-au-ventgalerie-dart-montreal-art-gallery-bronze-sculpture-rose-aimee-belanger-galerie-blanche-minv2 - Galerie Blanche\",\"isPartOf\":{\"@id\":\"https:\\\/\\\/galerieblanche.com\\\/#website\"},\"datePublished\":\"2024-02-13T22:14:41+00:00\",\"dateModified\":\"2024-02-13T22:14:47+00:00\",\"breadcrumb\":{\"@id\":\"https:\\\/\\\/galerieblanche.com\\\/wp-content\\\/uploads\\\/2023\\\/11\\\/be115-senvoler-au-ventgalerie-dart-montreal-art-gallery-bronze-sculpture-rose-aimee-belanger-galerie-blanche-minv2.jpg#breadcrumb\"},\"inLanguage\":\"en-US\",\"potentialAction\":[{\"@type\":\"ReadAction\",\"target\":[\"https:\\\/\\\/galerieblanche.com\\\/wp-content\\\/uploads\\\/2023\\\/11\\\/be115-senvoler-au-ventgalerie-dart-montreal-art-gallery-bronze-sculpture-rose-aimee-belanger-galerie-blanche-minv2.jpg\"]}]},{\"@type\":\"BreadcrumbList\",\"@id\":\"https:\\\/\\\/galerieblanche.com\\\/wp-content\\\/uploads\\\/2023\\\/11\\\/be115-senvoler-au-ventgalerie-dart-montreal-art-gallery-bronze-sculpture-rose-aimee-belanger-galerie-blanche-minv2.jpg#breadcrumb\",\"itemListElement\":[{\"@type\":\"ListItem\",\"position\":1,\"name\":\"Accueil\",\"item\":\"https:\\\/\\\/galerieblanche.com\\\/en\\\/\"},{\"@type\":\"ListItem\",\"position\":2,\"name\":\"S&rsquo;envoler au vent ed. 9\\\/15\",\"item\":\"https:\\\/\\\/galerieblanche.com\\\/artwork\\\/senvoler-au-vent-ed-9-15\\\/\"},{\"@type\":\"ListItem\",\"position\":3,\"name\":\"be115-senvoler-au-ventgalerie-dart-montreal-art-gallery-bronze-sculpture-rose-aimee-belanger-galerie-blanche-minv2\"}]},{\"@type\":\"WebSite\",\"@id\":\"https:\\\/\\\/galerieblanche.com\\\/#website\",\"url\":\"https:\\\/\\\/galerieblanche.com\\\/\",\"name\":\"Galerie Blanche\",\"description\":\"Galerie d&#039;art contemporain \u00e0 Montr\u00e9al\",\"publisher\":{\"@id\":\"https:\\\/\\\/galerieblanche.com\\\/#organization\"},\"potentialAction\":[{\"@type\":\"SearchAction\",\"target\":{\"@type\":\"EntryPoint\",\"urlTemplate\":\"https:\\\/\\\/galerieblanche.com\\\/?s={search_term_string}\"},\"query-input\":{\"@type\":\"PropertyValueSpecification\",\"valueRequired\":true,\"valueName\":\"search_term_string\"}}],\"inLanguage\":\"en-US\"},{\"@type\":\"Organization\",\"@id\":\"https:\\\/\\\/galerieblanche.com\\\/#organization\",\"name\":\"Galerie Blanche\",\"url\":\"https:\\\/\\\/galerieblanche.com\\\/\",\"logo\":{\"@type\":\"ImageObject\",\"inLanguage\":\"en-US\",\"@id\":\"https:\\\/\\\/galerieblanche.com\\\/#\\\/schema\\\/logo\\\/image\\\/\",\"url\":\"https:\\\/\\\/galerieblanche.com\\\/wp-content\\\/uploads\\\/2016\\\/05\\\/logo_gb.png\",\"contentUrl\":\"https:\\\/\\\/galerieblanche.com\\\/wp-content\\\/uploads\\\/2016\\\/05\\\/logo_gb.png\",\"width\":600,\"height\":199,\"caption\":\"Galerie Blanche\"},\"image\":{\"@id\":\"https:\\\/\\\/galerieblanche.com\\\/#\\\/schema\\\/logo\\\/image\\\/\"},\"sameAs\":[\"https:\\\/\\\/www.facebook.com\\\/Galerieartblanche\\\/?ref=ts&amp;amp;amp;fref=ts\",\"https:\\\/\\\/www.instagram.com\\\/galerieblanche\\\/\"]}]}<\/script>\n<!-- \/ Yoast SEO plugin. -->","yoast_head_json":{"title":"be115-senvoler-au-ventgalerie-dart-montreal-art-gallery-bronze-sculpture-rose-aimee-belanger-galerie-blanche-minv2 - Galerie Blanche","robots":{"index":"index","follow":"follow","max-snippet":"max-snippet:-1","max-image-preview":"max-image-preview:large","max-video-preview":"max-video-preview:-1"},"canonical":"https:\/\/galerieblanche.com\/wp-content\/uploads\/2023\/11\/be115-senvoler-au-ventgalerie-dart-montreal-art-gallery-bronze-sculpture-rose-aimee-belanger-galerie-blanche-minv2.jpg","og_locale":"en_US","og_type":"article","og_title":"be115-senvoler-au-ventgalerie-dart-montreal-art-gallery-bronze-sculpture-rose-aimee-belanger-galerie-blanche-minv2 - Galerie Blanche","og_url":"https:\/\/galerieblanche.com\/wp-content\/uploads\/2023\/11\/be115-senvoler-au-ventgalerie-dart-montreal-art-gallery-bronze-sculpture-rose-aimee-belanger-galerie-blanche-minv2.jpg","og_site_name":"Galerie Blanche","article_publisher":"https:\/\/www.facebook.com\/Galerieartblanche\/?ref=ts&amp%3bamp%3bamp%3bfref=ts","article_modified_time":"2024-02-13T22:14:47+00:00","og_image":[{"width":846,"height":1000,"url":"https:\/\/galerieblanche.com\/wp-content\/uploads\/2023\/11\/be115-senvoler-au-ventgalerie-dart-montreal-art-gallery-bronze-sculpture-rose-aimee-belanger-galerie-blanche-minv2.jpg","type":"image\/jpeg"}],"twitter_card":"summary_large_image","schema":{"@context":"https:\/\/schema.org","@graph":[{"@type":"WebPage","@id":"https:\/\/galerieblanche.com\/wp-content\/uploads\/2023\/11\/be115-senvoler-au-ventgalerie-dart-montreal-art-gallery-bronze-sculpture-rose-aimee-belanger-galerie-blanche-minv2.jpg","url":"https:\/\/galerieblanche.com\/wp-content\/uploads\/2023\/11\/be115-senvoler-au-ventgalerie-dart-montreal-art-gallery-bronze-sculpture-rose-aimee-belanger-galerie-blanche-minv2.jpg","name":"be115-senvoler-au-ventgalerie-dart-montreal-art-gallery-bronze-sculpture-rose-aimee-belanger-galerie-blanche-minv2 - Galerie Blanche","isPartOf":{"@id":"https:\/\/galerieblanche.com\/#website"},"datePublished":"2024-02-13T22:14:41+00:00","dateModified":"2024-02-13T22:14:47+00:00","breadcrumb":{"@id":"https:\/\/galerieblanche.com\/wp-content\/uploads\/2023\/11\/be115-senvoler-au-ventgalerie-dart-montreal-art-gallery-bronze-sculpture-rose-aimee-belanger-galerie-blanche-minv2.jpg#breadcrumb"},"inLanguage":"en-US","potentialAction":[{"@type":"ReadAction","target":["https:\/\/galerieblanche.com\/wp-content\/uploads\/2023\/11\/be115-senvoler-au-ventgalerie-dart-montreal-art-gallery-bronze-sculpture-rose-aimee-belanger-galerie-blanche-minv2.jpg"]}]},{"@type":"BreadcrumbList","@id":"https:\/\/galerieblanche.com\/wp-content\/uploads\/2023\/11\/be115-senvoler-au-ventgalerie-dart-montreal-art-gallery-bronze-sculpture-rose-aimee-belanger-galerie-blanche-minv2.jpg#breadcrumb","itemListElement":[{"@type":"ListItem","position":1,"name":"Accueil","item":"https:\/\/galerieblanche.com\/en\/"},{"@type":"ListItem","position":2,"name":"S&rsquo;envoler au vent ed. 9\/15","item":"https:\/\/galerieblanche.com\/artwork\/senvoler-au-vent-ed-9-15\/"},{"@type":"ListItem","position":3,"name":"be115-senvoler-au-ventgalerie-dart-montreal-art-gallery-bronze-sculpture-rose-aimee-belanger-galerie-blanche-minv2"}]},{"@type":"WebSite","@id":"https:\/\/galerieblanche.com\/#website","url":"https:\/\/galerieblanche.com\/","name":"Galerie Blanche","description":"Galerie d&#039;art contemporain \u00e0 Montr\u00e9al","publisher":{"@id":"https:\/\/galerieblanche.com\/#organization"},"potentialAction":[{"@type":"SearchAction","target":{"@type":"EntryPoint","urlTemplate":"https:\/\/galerieblanche.com\/?s={search_term_string}"},"query-input":{"@type":"PropertyValueSpecification","valueRequired":true,"valueName":"search_term_string"}}],"inLanguage":"en-US"},{"@type":"Organization","@id":"https:\/\/galerieblanche.com\/#organization","name":"Galerie Blanche","url":"https:\/\/galerieblanche.com\/","logo":{"@type":"ImageObject","inLanguage":"en-US","@id":"https:\/\/galerieblanche.com\/#\/schema\/logo\/image\/","url":"https:\/\/galerieblanche.com\/wp-content\/uploads\/2016\/05\/logo_gb.png","contentUrl":"https:\/\/galerieblanche.com\/wp-content\/uploads\/2016\/05\/logo_gb.png","width":600,"height":199,"caption":"Galerie Blanche"},"image":{"@id":"https:\/\/galerieblanche.com\/#\/schema\/logo\/image\/"},"sameAs":["https:\/\/www.facebook.com\/Galerieartblanche\/?ref=ts&amp;amp;amp;fref=ts","https:\/\/www.instagram.com\/galerieblanche\/"]}]}},"description":{"rendered":"<p class=\"attachment\"><a href='https:\/\/galerieblanche.com\/wp-content\/uploads\/2023\/11\/be115-senvoler-au-ventgalerie-dart-montreal-art-gallery-bronze-sculpture-rose-aimee-belanger-galerie-blanche-minv2.jpg'><img fetchpriority=\"high\" decoding=\"async\" width=\"433\" height=\"512\" src=\"https:\/\/galerieblanche.com\/wp-content\/uploads\/2023\/11\/be115-senvoler-au-ventgalerie-dart-montreal-art-gallery-bronze-sculpture-rose-aimee-belanger-galerie-blanche-minv2-433x512.jpg\" class=\"attachment-medium size-medium\" alt=\"Sculpture de bronze d&#039;une femme sur balan\u00e7oire par Rose-Aim\u00e9e B\u00e9langer \u00e0 vendre en galerie d&#039;art \u00e0 Montr\u00e9al. \u00ab s&#039;envoler au vent \u00bb disponible \u00e0 la Galerie Blanche.\" srcset=\"https:\/\/galerieblanche.com\/wp-content\/uploads\/2023\/11\/be115-senvoler-au-ventgalerie-dart-montreal-art-gallery-bronze-sculpture-rose-aimee-belanger-galerie-blanche-minv2-433x512.jpg 433w, https:\/\/galerieblanche.com\/wp-content\/uploads\/2023\/11\/be115-senvoler-au-ventgalerie-dart-montreal-art-gallery-bronze-sculpture-rose-aimee-belanger-galerie-blanche-minv2-85x100.jpg 85w, https:\/\/galerieblanche.com\/wp-content\/uploads\/2023\/11\/be115-senvoler-au-ventgalerie-dart-montreal-art-gallery-bronze-sculpture-rose-aimee-belanger-galerie-blanche-minv2.jpg 846w\" sizes=\"(max-width: 433px) 100vw, 433px\" \/><\/a><\/p>\n"},"caption":{"rendered":""},"alt_text":"Sculpture de bronze d'une femme sur balan\u00e7oire par Rose-Aim\u00e9e B\u00e9langer \u00e0 vendre en galerie d'art \u00e0 Montr\u00e9al. \u00ab s'envoler au vent \u00bb disponible \u00e0 la Galerie Blanche.","media_type":"image","mime_type":"image\/jpeg","media_details":{"width":846,"height":1000,"file":"2023\/11\/be115-senvoler-au-ventgalerie-dart-montreal-art-gallery-bronze-sculpture-rose-aimee-belanger-galerie-blanche-minv2.jpg","filesize":135322,"sizes":{"medium":{"file":"be115-senvoler-au-ventgalerie-dart-montreal-art-gallery-bronze-sculpture-rose-aimee-belanger-galerie-blanche-minv2-433x512.jpg","width":433,"height":512,"filesize":18342,"mime_type":"image\/jpeg","source_url":"https:\/\/galerieblanche.com\/wp-content\/uploads\/2023\/11\/be115-senvoler-au-ventgalerie-dart-montreal-art-gallery-bronze-sculpture-rose-aimee-belanger-galerie-blanche-minv2-433x512.jpg"},"thumbnail":{"file":"be115-senvoler-au-ventgalerie-dart-montreal-art-gallery-bronze-sculpture-rose-aimee-belanger-galerie-blanche-minv2-85x100.jpg","width":85,"height":100,"filesize":2126,"mime_type":"image\/jpeg","source_url":"https:\/\/galerieblanche.com\/wp-content\/uploads\/2023\/11\/be115-senvoler-au-ventgalerie-dart-montreal-art-gallery-bronze-sculpture-rose-aimee-belanger-galerie-blanche-minv2-85x100.jpg"},"expo_banner":{"file":"be115-senvoler-au-ventgalerie-dart-montreal-art-gallery-bronze-sculpture-rose-aimee-belanger-galerie-blanche-minv2-846x500.jpg","width":846,"height":500,"filesize":40612,"mime_type":"image\/jpeg","source_url":"https:\/\/galerieblanche.com\/wp-content\/uploads\/2023\/11\/be115-senvoler-au-ventgalerie-dart-montreal-art-gallery-bronze-sculpture-rose-aimee-belanger-galerie-blanche-minv2-846x500.jpg"},"full":{"file":"be115-senvoler-au-ventgalerie-dart-montreal-art-gallery-bronze-sculpture-rose-aimee-belanger-galerie-blanche-minv2.jpg","width":846,"height":1000,"mime_type":"image\/jpeg","source_url":"https:\/\/galerieblanche.com\/wp-content\/uploads\/2023\/11\/be115-senvoler-au-ventgalerie-dart-montreal-art-gallery-bronze-sculpture-rose-aimee-belanger-galerie-blanche-minv2.jpg"}},"image_meta":{"aperture":"0","credit":"","camera":"","caption":"","created_timestamp":"0","copyright":"","focal_length":"0","iso":"0","shutter_speed":"0","title":"","orientation":"0","keywords":[]}},"post":52855,"source_url":"https:\/\/galerieblanche.com\/wp-content\/uploads\/2023\/11\/be115-senvoler-au-ventgalerie-dart-montreal-art-gallery-bronze-sculpture-rose-aimee-belanger-galerie-blanche-minv2.jpg","_links":{"self":[{"href":"https:\/\/galerieblanche.com\/en\/wp-json\/wp\/v2\/media\/53314","targetHints":{"allow":["GET"]}}],"collection":[{"href":"https:\/\/galerieblanche.com\/en\/wp-json\/wp\/v2\/media"}],"about":[{"href":"https:\/\/galerieblanche.com\/en\/wp-json\/wp\/v2\/types\/attachment"}],"author":[{"embeddable":true,"href":"https:\/\/galerieblanche.com\/en\/wp-json\/wp\/v2\/users\/3"}],"replies":[{"embeddable":true,"href":"https:\/\/galerieblanche.com\/en\/wp-json\/wp\/v2\/comments?post=53314"}],"wp:attached-to":[{"embeddable":true,"post_type":"artwork","id":52855,"href":"https:\/\/galerieblanche.com\/en\/wp-json\/wp\/v2\/artwork\/52855"}],"curies":[{"name":"wp","href":"https:\/\/api.w.org\/{rel}","templated":true}]}}